                                                {"id":80,"date":"2017-09-05T10:49:47","date_gmt":"2017-09-05T10:49:47","guid":{"rendered":"http:\/\/demo.curlythemes.com\/art-gallery-wp\/?page_id=80"},"modified":"2026-04-10T21:56:37","modified_gmt":"2026-04-11T01:56:37","slug":"a-propos","status":"publish","type":"page","link":"https:\/\/www.pascal-caillens.com\/fr\/a-propos\/","title":{"rendered":"\u00c0 propos"},"content":{"rendered":"<div data-vc-full-width=\"true\" data-vc-full-width-init=\"false\" data-stellar-offset-parent=\"true\"  class=\"vc_row wpb_row vc_row-fluid bg-pos-center-bottom bg-no-repeat content-padding-lg vc_custom_1504179041831 vc_row-has-fill\"><div  class=\"wpb_column vc_column_container vc_col-sm-6\"><div class=\"vc_column-inner\" style=\"\" ><div class=\"wpb_wrapper\">\n\t<div class=\"wpb_text_column wpb_content_element\" >\n\t\t<div class=\"wpb_wrapper\">\n\t\t\t<h1 class=\"display-1\">Pr\u00e9sentation<\/h1>\n\n\t\t<\/div>\n\t<\/div>\n<div class=\"vc_empty_space  xtd-spacer--lg\"   style=\"height: 2rem\" ><span class=\"vc_empty_space_inner\"><\/span><\/div>\n\n\t<div class=\"wpb_text_column wpb_content_element\" >\n\t\t<div class=\"wpb_wrapper\">\n\t\t\t<h4>N\u00e9 en 1980 en banlieue parisienne, j\u2019ai commenc\u00e9 \u00e0 dessiner d\u00e8s l\u2019enfance, explorant les caricatures, les portraits et les paysages, cherchant \u00e0 ma\u00eetriser chaque technique&#8230;<\/h4>\n\n\t\t<\/div>\n\t<\/div>\n\n\t<div class=\"wpb_single_image wpb_content_element vc_align_left   xtd-offset-frame\" style=\" \" >\n\t\t\n\t\t<figure class=\"wpb_wrapper vc_figure\">\n\t\t\t<div class=\"vc_single_image-wrapper xtd-shadow--normal-normal  vc_box_border_grey\"><img fetchpriority=\"high\" decoding=\"async\" width=\"660\" height=\"880\" src=\"https:\/\/www.pascal-caillens.com\/wp-content\/uploads\/2024\/01\/IMG-20231121-WA0000-768x1024.jpg\" class=\"vc_single_image-img attachment-large\" alt=\"\" srcset=\"https:\/\/www.pascal-caillens.com\/wp-content\/uploads\/2024\/01\/IMG-20231121-WA0000-768x1024.jpg 768w, https:\/\/www.pascal-caillens.com\/wp-content\/uploads\/2024\/01\/IMG-20231121-WA0000-300x400.jpg 300w, https:\/\/www.pascal-caillens.com\/wp-content\/uploads\/2024\/01\/IMG-20231121-WA0000-600x800.jpg 600w, https:\/\/www.pascal-caillens.com\/wp-content\/uploads\/2024\/01\/IMG-20231121-WA0000-225x300.jpg 225w, https:\/\/www.pascal-caillens.com\/wp-content\/uploads\/2024\/01\/IMG-20231121-WA0000-1152x1536.jpg 1152w, https:\/\/www.pascal-caillens.com\/wp-content\/uploads\/2024\/01\/IMG-20231121-WA0000.jpg 1200w\" sizes=\"(max-width: 660px) 100vw, 660px\" \/><\/div>\n\t\t<\/figure>\n\t<\/div>\n<div class=\"vc_empty_space  xtd-spacer\"   style=\"height: 2rem\" ><span class=\"vc_empty_space_inner\"><\/span><\/div>\n<div class=\"vc_row wpb_row vc_inner vc_row-fluid\"><div class=\"wpb_column vc_column_container vc_col-sm-12\"><div class=\"vc_column-inner\"><div class=\"wpb_wrapper\">\n\t<div class=\"wpb_text_column wpb_content_element\" >\n\t\t<div class=\"wpb_wrapper\">\n\t\t\t<p>\u00c0 partir de 2000, je me suis plong\u00e9 dans la peinture \u00e0 l\u2019huile, en reproduisant des \u0153uvres iconiques de Picasso et Dal\u00ed. Ces premi\u00e8res reproductions m\u2019ont enseign\u00e9 la rigueur des lignes et la richesse des couleurs.<\/p>\n<p>Tr\u00e8s vite, j\u2019ai commenc\u00e9 \u00e0 composer mes propres visions, inspir\u00e9es par des m\u00e9ditations o\u00f9 des images surgissaient, guidant mes croquis et mes compositions. \u00c0 cette \u00e9poque, mes toiles \u00e9taient empreintes de surr\u00e9alisme, cherchant \u00e0 mat\u00e9rialiser des univers invisibles, des contrastes forts et des symboles abstraits. Au fil des ann\u00e9es, cette exploration m\u2019a men\u00e9 \u00e0 une transformation profonde.<\/p>\n<p>Aujourd\u2019hui, je ne cherche plus \u00e0 reproduire ni \u00e0 interpr\u00e9ter le r\u00e9el. Mon art est enti\u00e8rement intuitif, sans sujet pr\u00e9con\u00e7u. Il capte l\u2019\u00e9motion du moment, sans perfection ni contrainte, laissant la place \u00e0 mon talent de coloriste. Chaque forme, chaque teinte, s\u2019exprime sans autre intention que de faire ressentir.<\/p>\n<p>Ce chemin, de la reproduction \u00e0 l\u2019art lib\u00e9r\u00e9, me permet aujourd\u2019hui de cr\u00e9er des \u0153uvres uniques, destin\u00e9es \u00e0 tous, qu\u2019ils soient collectionneurs priv\u00e9s, particuliers ou espaces professionnels.<\/p>\n\n\t\t<\/div>\n\t<\/div>\n<\/div><\/div><\/div><\/div><\/div><\/div><\/div><div  class=\"wpb_column vc_column_container vc_col-sm-5 vc_col-sm-offset-1\"><div class=\"vc_column-inner\" style=\"\" ><div class=\"wpb_wrapper\">\n\t<div class=\"wpb_single_image wpb_content_element vc_align_left   xtd-offset-frame\" style=\" \" >\n\t\t\n\t\t<figure class=\"wpb_wrapper vc_figure\">\n\t\t\t<div class=\"vc_single_image-wrapper xtd-shadow--normal-normal  vc_box_border_grey\"><img decoding=\"async\" width=\"660\" height=\"439\" src=\"https:\/\/www.pascal-caillens.com\/wp-content\/uploads\/2026\/03\/mise-en-situation-07-1024x681.jpg\" class=\"vc_single_image-img attachment-large\" alt=\"\" srcset=\"https:\/\/www.pascal-caillens.com\/wp-content\/uploads\/2026\/03\/mise-en-situation-07-1024x681.jpg 1024w, https:\/\/www.pascal-caillens.com\/wp-content\/uploads\/2026\/03\/mise-en-situation-07-300x199.jpg 300w, https:\/\/www.pascal-caillens.com\/wp-content\/uploads\/2026\/03\/mise-en-situation-07-768x511.jpg 768w, https:\/\/www.pascal-caillens.com\/wp-content\/uploads\/2026\/03\/mise-en-situation-07-1536x1021.jpg 1536w, https:\/\/www.pascal-caillens.com\/wp-content\/uploads\/2026\/03\/mise-en-situation-07-2048x1361.jpg 2048w, https:\/\/www.pascal-caillens.com\/wp-content\/uploads\/2026\/03\/mise-en-situation-07-18x12.jpg 18w, https:\/\/www.pascal-caillens.com\/wp-content\/uploads\/2026\/03\/mise-en-situation-07-600x399.jpg 600w\" sizes=\"(max-width: 660px) 100vw, 660px\" \/><\/div>\n\t\t<\/figure>\n\t<\/div>\n\n\t<div class=\"wpb_single_image wpb_content_element vc_align_left   xtd-offset-frame\" style=\" \" >\n\t\t\n\t\t<figure class=\"wpb_wrapper vc_figure\">\n\t\t\t<div class=\"vc_single_image-wrapper xtd-shadow--normal-normal  vc_box_border_grey\"><img decoding=\"async\" width=\"660\" height=\"440\" src=\"https:\/\/www.pascal-caillens.com\/wp-content\/uploads\/2026\/03\/661f4458-182f-4755-8627-e11ee26c6efe-1024x683.png\" class=\"vc_single_image-img attachment-large\" alt=\"\" srcset=\"https:\/\/www.pascal-caillens.com\/wp-content\/uploads\/2026\/03\/661f4458-182f-4755-8627-e11ee26c6efe-1024x683.png 1024w, https:\/\/www.pascal-caillens.com\/wp-content\/uploads\/2026\/03\/661f4458-182f-4755-8627-e11ee26c6efe-300x200.png 300w, https:\/\/www.pascal-caillens.com\/wp-content\/uploads\/2026\/03\/661f4458-182f-4755-8627-e11ee26c6efe-768x512.png 768w, https:\/\/www.pascal-caillens.com\/wp-content\/uploads\/2026\/03\/661f4458-182f-4755-8627-e11ee26c6efe-18x12.png 18w, https:\/\/www.pascal-caillens.com\/wp-content\/uploads\/2026\/03\/661f4458-182f-4755-8627-e11ee26c6efe-600x400.png 600w, https:\/\/www.pascal-caillens.com\/wp-content\/uploads\/2026\/03\/661f4458-182f-4755-8627-e11ee26c6efe.png 1536w\" sizes=\"(max-width: 660px) 100vw, 660px\" \/><\/div>\n\t\t<\/figure>\n\t<\/div>\n\n\t<div class=\"wpb_single_image wpb_content_element vc_align_left   xtd-offset-frame\" style=\" \" >\n\t\t\n\t\t<figure class=\"wpb_wrapper vc_figure\">\n\t\t\t<div class=\"vc_single_image-wrapper xtd-shadow--normal-normal  vc_box_border_grey\"><img loading=\"lazy\" decoding=\"async\" width=\"660\" height=\"505\" src=\"https:\/\/www.pascal-caillens.com\/wp-content\/uploads\/2024\/01\/0-7-1024x784.jpg\" class=\"vc_single_image-img attachment-large\" alt=\"\" srcset=\"https:\/\/www.pascal-caillens.com\/wp-content\/uploads\/2024\/01\/0-7-1024x784.jpg 1024w, https:\/\/www.pascal-caillens.com\/wp-content\/uploads\/2024\/01\/0-7-300x230.jpg 300w, https:\/\/www.pascal-caillens.com\/wp-content\/uploads\/2024\/01\/0-7-600x460.jpg 600w, https:\/\/www.pascal-caillens.com\/wp-content\/uploads\/2024\/01\/0-7-768x588.jpg 768w, https:\/\/www.pascal-caillens.com\/wp-content\/uploads\/2024\/01\/0-7-1536x1176.jpg 1536w, https:\/\/www.pascal-caillens.com\/wp-content\/uploads\/2024\/01\/0-7.jpg 1606w\" sizes=\"(max-width: 660px) 100vw, 660px\" \/><\/div>\n\t\t<\/figure>\n\t<\/div>\n\n\t<div class=\"wpb_single_image wpb_content_element vc_align_left   xtd-offset-frame\" style=\" \" >\n\t\t\n\t\t<figure class=\"wpb_wrapper vc_figure\">\n\t\t\t<div class=\"vc_single_image-wrapper xtd-shadow--normal-normal  vc_box_border_grey\"><img loading=\"lazy\" decoding=\"async\" width=\"660\" height=\"844\" src=\"https:\/\/www.pascal-caillens.com\/wp-content\/uploads\/2024\/01\/0-3-801x1024.jpg\" class=\"vc_single_image-img attachment-large\" alt=\"\" srcset=\"https:\/\/www.pascal-caillens.com\/wp-content\/uploads\/2024\/01\/0-3-801x1024.jpg 801w, https:\/\/www.pascal-caillens.com\/wp-content\/uploads\/2024\/01\/0-3-300x384.jpg 300w, https:\/\/www.pascal-caillens.com\/wp-content\/uploads\/2024\/01\/0-3-600x767.jpg 600w, https:\/\/www.pascal-caillens.com\/wp-content\/uploads\/2024\/01\/0-3-235x300.jpg 235w, https:\/\/www.pascal-caillens.com\/wp-content\/uploads\/2024\/01\/0-3-768x982.jpg 768w, https:\/\/www.pascal-caillens.com\/wp-content\/uploads\/2024\/01\/0-3.jpg 962w\" sizes=\"(max-width: 660px) 100vw, 660px\" \/><\/div>\n\t\t<\/figure>\n\t<\/div>\n<\/div><\/div><\/div><\/div><div class=\"vc_row-full-width vc_clearfix\"><\/div>","protected":false},"excerpt":{"rendered":"Pr\u00e9sentation N\u00e9 en 1980 en banlieue parisienne, j\u2019ai commenc\u00e9 \u00e0 dessiner d\u00e8s l\u2019enfance, explorant les caricatures, les portraits et les paysages, cherchant \u00e0 ma\u00eetriser chaque technique... \u00c0 partir de 2000, je me suis plong\u00e9 dans la peinture \u00e0 l\u2019huile, en reproduisant des \u0153uvres iconiques de Picasso et Dal\u00ed. Ces premi\u00e8res reproductions m\u2019ont enseign\u00e9 la rigueur des lignes et la richesse [...]","protected":false},"author":1,"featured_media":0,"parent":0,"menu_order":0,"comment_status":"closed","ping_status":"closed","template":"","meta":{"footnotes":""},"class_list":["post-80","page","type-page","status-publish","hentry"],"yoast_head":"<!-- This site is optimized with the Yoast SEO plugin v27.5 - https:\/\/yoast.com\/product\/yoast-seo-wordpress\/ -->\n<title>\u00c0 propos - Artiste peintre Magog | Art abstrait contemporain Estrie | Pascal Caillens<\/title>\n<meta name=\"description\" content=\"Artiste peintre bas\u00e9 \u00e0 Magog en Estrie, Pascal Caillens cr\u00e9e des \u0153uvres abstraites contemporaines uniques, inspir\u00e9es par l\u2019\u00e9motion, la couleur et l\u2019instant pr\u00e9sent. Tableaux originaux pour maisons, entreprises et espaces haut de gamme. D\u00e9couvrez un artiste de l\u2019Estrie en pleine \u00e9mergence.\" \/>\n<meta name=\"robots\" content=\"index, follow, max-snippet:-1, max-image-preview:large, max-video-preview:-1\" \/>\n<link rel=\"canonical\" href=\"https:\/\/www.pascal-caillens.com\/fr\/a-propos\/\" \/>\n<meta property=\"og:locale\" content=\"fr_FR\" \/>\n<meta property=\"og:type\" content=\"article\" \/>\n<meta property=\"og:title\" content=\"\u00c0 propos - Artiste peintre Magog | Art abstrait contemporain Estrie | Pascal Caillens\" \/>\n<meta property=\"og:description\" content=\"Artiste peintre bas\u00e9 \u00e0 Magog en Estrie, Pascal Caillens cr\u00e9e des \u0153uvres abstraites contemporaines uniques, inspir\u00e9es par l\u2019\u00e9motion, la couleur et l\u2019instant pr\u00e9sent. Tableaux originaux pour maisons, entreprises et espaces haut de gamme. D\u00e9couvrez un artiste de l\u2019Estrie en pleine \u00e9mergence.\" \/>\n<meta property=\"og:url\" content=\"https:\/\/www.pascal-caillens.com\/fr\/a-propos\/\" \/>\n<meta property=\"og:site_name\" content=\"Artiste peintre Magog | Art abstrait contemporain Estrie | Pascal Caillens\" \/>\n<meta property=\"article:modified_time\" content=\"2026-04-11T01:56:37+00:00\" \/>\n<meta name=\"twitter:card\" content=\"summary_large_image\" \/>\n<meta name=\"twitter:label1\" content=\"Dur\u00e9e de lecture estim\u00e9e\" \/>\n\t<meta name=\"twitter:data1\" content=\"2 minutes\" \/>\n<script type=\"application\/ld+json\" class=\"yoast-schema-graph\">{\"@context\":\"https:\\\/\\\/schema.org\",\"@graph\":[{\"@type\":\"WebPage\",\"@id\":\"https:\\\/\\\/www.pascal-caillens.com\\\/a-propos\\\/\",\"url\":\"https:\\\/\\\/www.pascal-caillens.com\\\/a-propos\\\/\",\"name\":\"\u00c0 propos - Artiste peintre Magog | Art abstrait contemporain Estrie | Pascal Caillens\",\"isPartOf\":{\"@id\":\"https:\\\/\\\/www.pascal-caillens.com\\\/#website\"},\"datePublished\":\"2017-09-05T10:49:47+00:00\",\"dateModified\":\"2026-04-11T01:56:37+00:00\",\"description\":\"Artiste peintre bas\u00e9 \u00e0 Magog en Estrie, Pascal Caillens cr\u00e9e des \u0153uvres abstraites contemporaines uniques, inspir\u00e9es par l\u2019\u00e9motion, la couleur et l\u2019instant pr\u00e9sent. Tableaux originaux pour maisons, entreprises et espaces haut de gamme. D\u00e9couvrez un artiste de l\u2019Estrie en pleine \u00e9mergence.\",\"breadcrumb\":{\"@id\":\"https:\\\/\\\/www.pascal-caillens.com\\\/a-propos\\\/#breadcrumb\"},\"inLanguage\":\"fr-FR\",\"potentialAction\":[{\"@type\":\"ReadAction\",\"target\":[\"https:\\\/\\\/www.pascal-caillens.com\\\/a-propos\\\/\"]}]},{\"@type\":\"BreadcrumbList\",\"@id\":\"https:\\\/\\\/www.pascal-caillens.com\\\/a-propos\\\/#breadcrumb\",\"itemListElement\":[{\"@type\":\"ListItem\",\"position\":1,\"name\":\"Accueil\",\"item\":\"https:\\\/\\\/www.pascal-caillens.com\\\/\"},{\"@type\":\"ListItem\",\"position\":2,\"name\":\"\u00c0 propos\"}]},{\"@type\":\"WebSite\",\"@id\":\"https:\\\/\\\/www.pascal-caillens.com\\\/#website\",\"url\":\"https:\\\/\\\/www.pascal-caillens.com\\\/\",\"name\":\"Artiste peintre Magog | Art abstrait contemporain Estrie | Pascal Caillens\",\"description\":\"Artiste peintre Estrie | Tableaux abstraits modernes \u00e0 Magog | Pascal Caillens\",\"potentialAction\":[{\"@type\":\"SearchAction\",\"target\":{\"@type\":\"EntryPoint\",\"urlTemplate\":\"https:\\\/\\\/www.pascal-caillens.com\\\/?s={search_term_string}\"},\"query-input\":{\"@type\":\"PropertyValueSpecification\",\"valueRequired\":true,\"valueName\":\"search_term_string\"}}],\"inLanguage\":\"fr-FR\"}]}<\/script>\n<!-- \/ Yoast SEO plugin. -->","yoast_head_json":{"title":"\u00c0 propos - Artiste peintre Magog | Art abstrait contemporain Estrie | Pascal Caillens","description":"Artiste peintre bas\u00e9 \u00e0 Magog en Estrie, Pascal Caillens cr\u00e9e des \u0153uvres abstraites contemporaines uniques, inspir\u00e9es par l\u2019\u00e9motion, la couleur et l\u2019instant pr\u00e9sent. Tableaux originaux pour maisons, entreprises et espaces haut de gamme. D\u00e9couvrez un artiste de l\u2019Estrie en pleine \u00e9mergence.","robots":{"index":"index","follow":"follow","max-snippet":"max-snippet:-1","max-image-preview":"max-image-preview:large","max-video-preview":"max-video-preview:-1"},"canonical":"https:\/\/www.pascal-caillens.com\/fr\/a-propos\/","og_locale":"fr_FR","og_type":"article","og_title":"\u00c0 propos - Artiste peintre Magog | Art abstrait contemporain Estrie | Pascal Caillens","og_description":"Artiste peintre bas\u00e9 \u00e0 Magog en Estrie, Pascal Caillens cr\u00e9e des \u0153uvres abstraites contemporaines uniques, inspir\u00e9es par l\u2019\u00e9motion, la couleur et l\u2019instant pr\u00e9sent. Tableaux originaux pour maisons, entreprises et espaces haut de gamme. D\u00e9couvrez un artiste de l\u2019Estrie en pleine \u00e9mergence.","og_url":"https:\/\/www.pascal-caillens.com\/fr\/a-propos\/","og_site_name":"Artiste peintre Magog | Art abstrait contemporain Estrie | Pascal Caillens","article_modified_time":"2026-04-11T01:56:37+00:00","twitter_card":"summary_large_image","twitter_misc":{"Dur\u00e9e de lecture estim\u00e9e":"2 minutes"},"schema":{"@context":"https:\/\/schema.org","@graph":[{"@type":"WebPage","@id":"https:\/\/www.pascal-caillens.com\/a-propos\/","url":"https:\/\/www.pascal-caillens.com\/a-propos\/","name":"\u00c0 propos - Artiste peintre Magog | Art abstrait contemporain Estrie | Pascal Caillens","isPartOf":{"@id":"https:\/\/www.pascal-caillens.com\/#website"},"datePublished":"2017-09-05T10:49:47+00:00","dateModified":"2026-04-11T01:56:37+00:00","description":"Artiste peintre bas\u00e9 \u00e0 Magog en Estrie, Pascal Caillens cr\u00e9e des \u0153uvres abstraites contemporaines uniques, inspir\u00e9es par l\u2019\u00e9motion, la couleur et l\u2019instant pr\u00e9sent. Tableaux originaux pour maisons, entreprises et espaces haut de gamme. D\u00e9couvrez un artiste de l\u2019Estrie en pleine \u00e9mergence.","breadcrumb":{"@id":"https:\/\/www.pascal-caillens.com\/a-propos\/#breadcrumb"},"inLanguage":"fr-FR","potentialAction":[{"@type":"ReadAction","target":["https:\/\/www.pascal-caillens.com\/a-propos\/"]}]},{"@type":"BreadcrumbList","@id":"https:\/\/www.pascal-caillens.com\/a-propos\/#breadcrumb","itemListElement":[{"@type":"ListItem","position":1,"name":"Accueil","item":"https:\/\/www.pascal-caillens.com\/"},{"@type":"ListItem","position":2,"name":"\u00c0 propos"}]},{"@type":"WebSite","@id":"https:\/\/www.pascal-caillens.com\/#website","url":"https:\/\/www.pascal-caillens.com\/","name":"Artiste peintre Magog | Art abstrait contemporain Estrie | Pascal Caillens","description":"Artiste peintre Estrie | Tableaux abstraits modernes \u00e0 Magog | Pascal Caillens","potentialAction":[{"@type":"SearchAction","target":{"@type":"EntryPoint","urlTemplate":"https:\/\/www.pascal-caillens.com\/?s={search_term_string}"},"query-input":{"@type":"PropertyValueSpecification","valueRequired":true,"valueName":"search_term_string"}}],"inLanguage":"fr-FR"}]}},"_links":{"self":[{"href":"https:\/\/www.pascal-caillens.com\/fr\/wp-json\/wp\/v2\/pages\/80","targetHints":{"allow":["GET"]}}],"collection":[{"href":"https:\/\/www.pascal-caillens.com\/fr\/wp-json\/wp\/v2\/pages"}],"about":[{"href":"https:\/\/www.pascal-caillens.com\/fr\/wp-json\/wp\/v2\/types\/page"}],"author":[{"embeddable":true,"href":"https:\/\/www.pascal-caillens.com\/fr\/wp-json\/wp\/v2\/users\/1"}],"replies":[{"embeddable":true,"href":"https:\/\/www.pascal-caillens.com\/fr\/wp-json\/wp\/v2\/comments?post=80"}],"version-history":[{"count":20,"href":"https:\/\/www.pascal-caillens.com\/fr\/wp-json\/wp\/v2\/pages\/80\/revisions"}],"predecessor-version":[{"id":3132,"href":"https:\/\/www.pascal-caillens.com\/fr\/wp-json\/wp\/v2\/pages\/80\/revisions\/3132"}],"wp:attachment":[{"href":"https:\/\/www.pascal-caillens.com\/fr\/wp-json\/wp\/v2\/media?parent=80"}],"curies":[{"name":"wp","href":"https:\/\/api.w.org\/{rel}","templated":true}]}}