                                                {"id":3214,"date":"2026-04-20T14:29:48","date_gmt":"2026-04-20T18:29:48","guid":{"rendered":"https:\/\/www.pascal-caillens.com\/?post_type=product&#038;p=3214"},"modified":"2026-04-20T14:34:10","modified_gmt":"2026-04-20T18:34:10","slug":"source-interieure","status":"publish","type":"product","link":"https:\/\/www.pascal-caillens.com\/fr\/produit\/source-interieure\/","title":{"rendered":"Source int\u00e9rieure"},"content":{"rendered":"<p data-start=\"225\" data-end=\"472\">Cette \u0153uvre \u00e9voque un moment de transformation douce, comme une lumi\u00e8re qui na\u00eet de l\u2019int\u00e9rieur et s\u2019ouvre progressivement au monde. Au centre, une forme organique et fluide rappelle \u00e0 la fois une graine, un souffle ou une pr\u00e9sence en gestation.<\/p>\n<p data-start=\"474\" data-end=\"666\">Les d\u00e9grad\u00e9s de jaune et d\u2019or enveloppent cette forme d\u2019une chaleur lumineuse, tandis que les nuances de vert \u00e0 la base ancrent la composition dans une \u00e9nergie de croissance et de renouveau.<\/p>\n<p data-start=\"668\" data-end=\"907\">C\u2019est une toile qui parle de naissance int\u00e9rieure, d\u2019\u00e9veil et de confiance dans le mouvement naturel de la vie. Elle invite le regard \u00e0 se d\u00e9poser, \u00e0 respirer, et \u00e0 ressentir cette expansion calme et lumineuse qui \u00e9merge du c\u0153ur de l\u2019\u00eatre.<\/p>","protected":false},"excerpt":{"rendered":"<p>Dimensions : 16\u201d x 20\u201d<br \/>\nDate de cr\u00e9ation : Avril 2026<br \/>\nTechnique : Huile sur toile<br \/>\nNum\u00e9ro d\u2019archive : PC-2026-026<br \/>\nStatut : \u0152uvre originale unique<\/p>","protected":false},"featured_media":3215,"template":"","meta":[],"product_brand":[],"product_cat":[27],"product_tag":[],"class_list":{"0":"post-3214","1":"product","2":"type-product","3":"status-publish","4":"has-post-thumbnail","6":"product_cat-non-classe","8":"first","9":"instock","10":"shipping-taxable","11":"purchasable","12":"product-type-simple"},"yoast_head":"<!-- This site is optimized with the Yoast SEO plugin v27.5 - https:\/\/yoast.com\/product\/yoast-seo-wordpress\/ -->\n<title>Source int\u00e9rieure - Artiste peintre Magog | Art abstrait contemporain Estrie | Pascal Caillens<\/title>\n<meta name=\"robots\" content=\"index, follow, max-snippet:-1, max-image-preview:large, max-video-preview:-1\" \/>\n<link rel=\"canonical\" href=\"https:\/\/www.pascal-caillens.com\/fr\/produit\/source-interieure\/\" \/>\n<meta property=\"og:locale\" content=\"fr_FR\" \/>\n<meta property=\"og:type\" content=\"article\" \/>\n<meta property=\"og:title\" content=\"Source int\u00e9rieure - Artiste peintre Magog | Art abstrait contemporain Estrie | Pascal Caillens\" \/>\n<meta property=\"og:description\" content=\"Dimensions : 16\u201d x 20\u201d Date de cr\u00e9ation : Avril 2026 Technique : Huile sur toile Num\u00e9ro d\u2019archive : PC-2026-026 Statut : \u0152uvre originale unique\" \/>\n<meta property=\"og:url\" content=\"https:\/\/www.pascal-caillens.com\/fr\/produit\/source-interieure\/\" \/>\n<meta property=\"og:site_name\" content=\"Artiste peintre Magog | Art abstrait contemporain Estrie | Pascal Caillens\" \/>\n<meta property=\"article:modified_time\" content=\"2026-04-20T18:34:10+00:00\" \/>\n<meta property=\"og:image\" content=\"https:\/\/www.pascal-caillens.com\/wp-content\/uploads\/2026\/04\/new-01-scaled.jpg\" \/>\n\t<meta property=\"og:image:width\" content=\"2048\" \/>\n\t<meta property=\"og:image:height\" content=\"2560\" \/>\n\t<meta property=\"og:image:type\" content=\"image\/jpeg\" \/>\n<meta name=\"twitter:card\" content=\"summary_large_image\" \/>\n<meta name=\"twitter:label1\" content=\"Dur\u00e9e de lecture estim\u00e9e\" \/>\n\t<meta name=\"twitter:data1\" content=\"1 minute\" \/>\n<script type=\"application\/ld+json\" class=\"yoast-schema-graph\">{\"@context\":\"https:\\\/\\\/schema.org\",\"@graph\":[{\"@type\":\"WebPage\",\"@id\":\"https:\\\/\\\/www.pascal-caillens.com\\\/produit\\\/source-interieure\\\/\",\"url\":\"https:\\\/\\\/www.pascal-caillens.com\\\/produit\\\/source-interieure\\\/\",\"name\":\"Source int\u00e9rieure - Artiste peintre Magog | Art abstrait contemporain Estrie | Pascal Caillens\",\"isPartOf\":{\"@id\":\"https:\\\/\\\/www.pascal-caillens.com\\\/#website\"},\"primaryImageOfPage\":{\"@id\":\"https:\\\/\\\/www.pascal-caillens.com\\\/produit\\\/source-interieure\\\/#primaryimage\"},\"image\":{\"@id\":\"https:\\\/\\\/www.pascal-caillens.com\\\/produit\\\/source-interieure\\\/#primaryimage\"},\"thumbnailUrl\":\"https:\\\/\\\/www.pascal-caillens.com\\\/wp-content\\\/uploads\\\/2026\\\/04\\\/new-01-scaled.jpg\",\"datePublished\":\"2026-04-20T18:29:48+00:00\",\"dateModified\":\"2026-04-20T18:34:10+00:00\",\"breadcrumb\":{\"@id\":\"https:\\\/\\\/www.pascal-caillens.com\\\/produit\\\/source-interieure\\\/#breadcrumb\"},\"inLanguage\":\"fr-FR\",\"potentialAction\":[{\"@type\":\"ReadAction\",\"target\":[\"https:\\\/\\\/www.pascal-caillens.com\\\/produit\\\/source-interieure\\\/\"]}]},{\"@type\":\"ImageObject\",\"inLanguage\":\"fr-FR\",\"@id\":\"https:\\\/\\\/www.pascal-caillens.com\\\/produit\\\/source-interieure\\\/#primaryimage\",\"url\":\"https:\\\/\\\/www.pascal-caillens.com\\\/wp-content\\\/uploads\\\/2026\\\/04\\\/new-01-scaled.jpg\",\"contentUrl\":\"https:\\\/\\\/www.pascal-caillens.com\\\/wp-content\\\/uploads\\\/2026\\\/04\\\/new-01-scaled.jpg\",\"width\":2048,\"height\":2560},{\"@type\":\"BreadcrumbList\",\"@id\":\"https:\\\/\\\/www.pascal-caillens.com\\\/produit\\\/source-interieure\\\/#breadcrumb\",\"itemListElement\":[{\"@type\":\"ListItem\",\"position\":1,\"name\":\"Accueil\",\"item\":\"https:\\\/\\\/www.pascal-caillens.com\\\/\"},{\"@type\":\"ListItem\",\"position\":2,\"name\":\"Acheter\",\"item\":\"https:\\\/\\\/www.pascal-caillens.com\\\/acheter\\\/\"},{\"@type\":\"ListItem\",\"position\":3,\"name\":\"Source int\u00e9rieure\"}]},{\"@type\":\"WebSite\",\"@id\":\"https:\\\/\\\/www.pascal-caillens.com\\\/#website\",\"url\":\"https:\\\/\\\/www.pascal-caillens.com\\\/\",\"name\":\"Artiste peintre Magog | Art abstrait contemporain Estrie | Pascal Caillens\",\"description\":\"Artiste peintre Estrie | Tableaux abstraits modernes \u00e0 Magog | Pascal Caillens\",\"potentialAction\":[{\"@type\":\"SearchAction\",\"target\":{\"@type\":\"EntryPoint\",\"urlTemplate\":\"https:\\\/\\\/www.pascal-caillens.com\\\/?s={search_term_string}\"},\"query-input\":{\"@type\":\"PropertyValueSpecification\",\"valueRequired\":true,\"valueName\":\"search_term_string\"}}],\"inLanguage\":\"fr-FR\"}]}<\/script>\n<!-- \/ Yoast SEO plugin. -->","yoast_head_json":{"title":"Source int\u00e9rieure - Artiste peintre Magog | Art abstrait contemporain Estrie | Pascal Caillens","robots":{"index":"index","follow":"follow","max-snippet":"max-snippet:-1","max-image-preview":"max-image-preview:large","max-video-preview":"max-video-preview:-1"},"canonical":"https:\/\/www.pascal-caillens.com\/fr\/produit\/source-interieure\/","og_locale":"fr_FR","og_type":"article","og_title":"Source int\u00e9rieure - Artiste peintre Magog | Art abstrait contemporain Estrie | Pascal Caillens","og_description":"Dimensions : 16\u201d x 20\u201d Date de cr\u00e9ation : Avril 2026 Technique : Huile sur toile Num\u00e9ro d\u2019archive : PC-2026-026 Statut : \u0152uvre originale unique","og_url":"https:\/\/www.pascal-caillens.com\/fr\/produit\/source-interieure\/","og_site_name":"Artiste peintre Magog | Art abstrait contemporain Estrie | Pascal Caillens","article_modified_time":"2026-04-20T18:34:10+00:00","og_image":[{"width":2048,"height":2560,"url":"https:\/\/www.pascal-caillens.com\/wp-content\/uploads\/2026\/04\/new-01-scaled.jpg","type":"image\/jpeg"}],"twitter_card":"summary_large_image","twitter_misc":{"Dur\u00e9e de lecture estim\u00e9e":"1 minute"},"schema":{"@context":"https:\/\/schema.org","@graph":[{"@type":"WebPage","@id":"https:\/\/www.pascal-caillens.com\/produit\/source-interieure\/","url":"https:\/\/www.pascal-caillens.com\/produit\/source-interieure\/","name":"Source int\u00e9rieure - Artiste peintre Magog | Art abstrait contemporain Estrie | Pascal Caillens","isPartOf":{"@id":"https:\/\/www.pascal-caillens.com\/#website"},"primaryImageOfPage":{"@id":"https:\/\/www.pascal-caillens.com\/produit\/source-interieure\/#primaryimage"},"image":{"@id":"https:\/\/www.pascal-caillens.com\/produit\/source-interieure\/#primaryimage"},"thumbnailUrl":"https:\/\/www.pascal-caillens.com\/wp-content\/uploads\/2026\/04\/new-01-scaled.jpg","datePublished":"2026-04-20T18:29:48+00:00","dateModified":"2026-04-20T18:34:10+00:00","breadcrumb":{"@id":"https:\/\/www.pascal-caillens.com\/produit\/source-interieure\/#breadcrumb"},"inLanguage":"fr-FR","potentialAction":[{"@type":"ReadAction","target":["https:\/\/www.pascal-caillens.com\/produit\/source-interieure\/"]}]},{"@type":"ImageObject","inLanguage":"fr-FR","@id":"https:\/\/www.pascal-caillens.com\/produit\/source-interieure\/#primaryimage","url":"https:\/\/www.pascal-caillens.com\/wp-content\/uploads\/2026\/04\/new-01-scaled.jpg","contentUrl":"https:\/\/www.pascal-caillens.com\/wp-content\/uploads\/2026\/04\/new-01-scaled.jpg","width":2048,"height":2560},{"@type":"BreadcrumbList","@id":"https:\/\/www.pascal-caillens.com\/produit\/source-interieure\/#breadcrumb","itemListElement":[{"@type":"ListItem","position":1,"name":"Accueil","item":"https:\/\/www.pascal-caillens.com\/"},{"@type":"ListItem","position":2,"name":"Acheter","item":"https:\/\/www.pascal-caillens.com\/acheter\/"},{"@type":"ListItem","position":3,"name":"Source int\u00e9rieure"}]},{"@type":"WebSite","@id":"https:\/\/www.pascal-caillens.com\/#website","url":"https:\/\/www.pascal-caillens.com\/","name":"Artiste peintre Magog | Art abstrait contemporain Estrie | Pascal Caillens","description":"Artiste peintre Estrie | Tableaux abstraits modernes \u00e0 Magog | Pascal Caillens","potentialAction":[{"@type":"SearchAction","target":{"@type":"EntryPoint","urlTemplate":"https:\/\/www.pascal-caillens.com\/?s={search_term_string}"},"query-input":{"@type":"PropertyValueSpecification","valueRequired":true,"valueName":"search_term_string"}}],"inLanguage":"fr-FR"}]}},"_links":{"self":[{"href":"https:\/\/www.pascal-caillens.com\/fr\/wp-json\/wp\/v2\/product\/3214","targetHints":{"allow":["GET"]}}],"collection":[{"href":"https:\/\/www.pascal-caillens.com\/fr\/wp-json\/wp\/v2\/product"}],"about":[{"href":"https:\/\/www.pascal-caillens.com\/fr\/wp-json\/wp\/v2\/types\/product"}],"wp:featuredmedia":[{"embeddable":true,"href":"https:\/\/www.pascal-caillens.com\/fr\/wp-json\/wp\/v2\/media\/3215"}],"wp:attachment":[{"href":"https:\/\/www.pascal-caillens.com\/fr\/wp-json\/wp\/v2\/media?parent=3214"}],"wp:term":[{"taxonomy":"product_brand","embeddable":true,"href":"https:\/\/www.pascal-caillens.com\/fr\/wp-json\/wp\/v2\/product_brand?post=3214"},{"taxonomy":"product_cat","embeddable":true,"href":"https:\/\/www.pascal-caillens.com\/fr\/wp-json\/wp\/v2\/product_cat?post=3214"},{"taxonomy":"product_tag","embeddable":true,"href":"https:\/\/www.pascal-caillens.com\/fr\/wp-json\/wp\/v2\/product_tag?post=3214"}],"curies":[{"name":"wp","href":"https:\/\/api.w.org\/{rel}","templated":true}]}}