                                                {"id":3226,"date":"2026-04-21T19:22:05","date_gmt":"2026-04-21T23:22:05","guid":{"rendered":"https:\/\/www.pascal-caillens.com\/?post_type=product&#038;p=3226"},"modified":"2026-04-21T19:38:36","modified_gmt":"2026-04-21T23:38:36","slug":"emergence-lumineuse","status":"publish","type":"product","link":"https:\/\/www.pascal-caillens.com\/fr\/produit\/emergence-lumineuse\/","title":{"rendered":"\u00c9mergence lumineuse"},"content":{"rendered":"<p>Cette \u0153uvre sugg\u00e8re un mouvement d\u2019\u00e9l\u00e9vation, comme une \u00e9nergie qui prend forme et s\u2019\u00e9l\u00e8ve vers la lumi\u00e8re. Les teintes dor\u00e9es et solaires enveloppent un centre plus clair, \u00e9voquant une naissance, une transformation int\u00e9rieure ou un \u00e9veil. Les lignes fluides guident le regard vers le haut, cr\u00e9ant une sensation d\u2019expansion et de croissance. C\u2019est une invitation \u00e0 se reconnecter \u00e0 sa propre lumi\u00e8re, \u00e0 ce qui cherche \u00e0 \u00e9merger en soi avec douceur et puissance.<\/p>","protected":false},"excerpt":{"rendered":"<p>Dimensions : 24\u201d x 36\u201d<br \/>\nDate de cr\u00e9ation : Avril 2026<br \/>\nTechnique : Huile sur toile<br \/>\nNum\u00e9ro d\u2019archive : PC-2026-030<br \/>\nStatut : \u0152uvre originale unique<\/p>","protected":false},"featured_media":3224,"template":"","meta":[],"product_brand":[],"product_cat":[27],"product_tag":[],"class_list":{"0":"post-3226","1":"product","2":"type-product","3":"status-publish","4":"has-post-thumbnail","6":"product_cat-non-classe","8":"first","9":"instock","10":"shipping-taxable","11":"purchasable","12":"product-type-simple"},"yoast_head":"<!-- This site is optimized with the Yoast SEO plugin v27.5 - https:\/\/yoast.com\/product\/yoast-seo-wordpress\/ -->\n<title>\u00c9mergence lumineuse - Artiste peintre Magog | Art abstrait contemporain Estrie | Pascal Caillens<\/title>\n<meta name=\"robots\" content=\"index, follow, max-snippet:-1, max-image-preview:large, max-video-preview:-1\" \/>\n<link rel=\"canonical\" href=\"https:\/\/www.pascal-caillens.com\/fr\/produit\/emergence-lumineuse\/\" \/>\n<meta property=\"og:locale\" content=\"fr_FR\" \/>\n<meta property=\"og:type\" content=\"article\" \/>\n<meta property=\"og:title\" content=\"\u00c9mergence lumineuse - Artiste peintre Magog | Art abstrait contemporain Estrie | Pascal Caillens\" \/>\n<meta property=\"og:description\" content=\"Dimensions : 24\u201d x 36\u201d Date de cr\u00e9ation : Avril 2026 Technique : Huile sur toile Num\u00e9ro d\u2019archive : PC-2026-030 Statut : \u0152uvre originale unique\" \/>\n<meta property=\"og:url\" content=\"https:\/\/www.pascal-caillens.com\/fr\/produit\/emergence-lumineuse\/\" \/>\n<meta property=\"og:site_name\" content=\"Artiste peintre Magog | Art abstrait contemporain Estrie | Pascal Caillens\" \/>\n<meta property=\"article:modified_time\" content=\"2026-04-21T23:38:36+00:00\" \/>\n<meta property=\"og:image\" content=\"https:\/\/www.pascal-caillens.com\/wp-content\/uploads\/2026\/04\/new-21avril-03-scaled.jpg\" \/>\n\t<meta property=\"og:image:width\" content=\"1717\" \/>\n\t<meta property=\"og:image:height\" content=\"2560\" \/>\n\t<meta property=\"og:image:type\" content=\"image\/jpeg\" \/>\n<meta name=\"twitter:card\" content=\"summary_large_image\" \/>\n<meta name=\"twitter:label1\" content=\"Dur\u00e9e de lecture estim\u00e9e\" \/>\n\t<meta name=\"twitter:data1\" content=\"1 minute\" \/>\n<script type=\"application\/ld+json\" class=\"yoast-schema-graph\">{\"@context\":\"https:\\\/\\\/schema.org\",\"@graph\":[{\"@type\":\"WebPage\",\"@id\":\"https:\\\/\\\/www.pascal-caillens.com\\\/produit\\\/emergence-lumineuse\\\/\",\"url\":\"https:\\\/\\\/www.pascal-caillens.com\\\/produit\\\/emergence-lumineuse\\\/\",\"name\":\"\u00c9mergence lumineuse - Artiste peintre Magog | Art abstrait contemporain Estrie | Pascal Caillens\",\"isPartOf\":{\"@id\":\"https:\\\/\\\/www.pascal-caillens.com\\\/#website\"},\"primaryImageOfPage\":{\"@id\":\"https:\\\/\\\/www.pascal-caillens.com\\\/produit\\\/emergence-lumineuse\\\/#primaryimage\"},\"image\":{\"@id\":\"https:\\\/\\\/www.pascal-caillens.com\\\/produit\\\/emergence-lumineuse\\\/#primaryimage\"},\"thumbnailUrl\":\"https:\\\/\\\/www.pascal-caillens.com\\\/wp-content\\\/uploads\\\/2026\\\/04\\\/new-21avril-03-scaled.jpg\",\"datePublished\":\"2026-04-21T23:22:05+00:00\",\"dateModified\":\"2026-04-21T23:38:36+00:00\",\"breadcrumb\":{\"@id\":\"https:\\\/\\\/www.pascal-caillens.com\\\/produit\\\/emergence-lumineuse\\\/#breadcrumb\"},\"inLanguage\":\"fr-FR\",\"potentialAction\":[{\"@type\":\"ReadAction\",\"target\":[\"https:\\\/\\\/www.pascal-caillens.com\\\/produit\\\/emergence-lumineuse\\\/\"]}]},{\"@type\":\"ImageObject\",\"inLanguage\":\"fr-FR\",\"@id\":\"https:\\\/\\\/www.pascal-caillens.com\\\/produit\\\/emergence-lumineuse\\\/#primaryimage\",\"url\":\"https:\\\/\\\/www.pascal-caillens.com\\\/wp-content\\\/uploads\\\/2026\\\/04\\\/new-21avril-03-scaled.jpg\",\"contentUrl\":\"https:\\\/\\\/www.pascal-caillens.com\\\/wp-content\\\/uploads\\\/2026\\\/04\\\/new-21avril-03-scaled.jpg\",\"width\":1717,\"height\":2560},{\"@type\":\"BreadcrumbList\",\"@id\":\"https:\\\/\\\/www.pascal-caillens.com\\\/produit\\\/emergence-lumineuse\\\/#breadcrumb\",\"itemListElement\":[{\"@type\":\"ListItem\",\"position\":1,\"name\":\"Accueil\",\"item\":\"https:\\\/\\\/www.pascal-caillens.com\\\/\"},{\"@type\":\"ListItem\",\"position\":2,\"name\":\"Acheter\",\"item\":\"https:\\\/\\\/www.pascal-caillens.com\\\/acheter\\\/\"},{\"@type\":\"ListItem\",\"position\":3,\"name\":\"\u00c9mergence lumineuse\"}]},{\"@type\":\"WebSite\",\"@id\":\"https:\\\/\\\/www.pascal-caillens.com\\\/#website\",\"url\":\"https:\\\/\\\/www.pascal-caillens.com\\\/\",\"name\":\"Artiste peintre Magog | Art abstrait contemporain Estrie | Pascal Caillens\",\"description\":\"Artiste peintre Estrie | Tableaux abstraits modernes \u00e0 Magog | Pascal Caillens\",\"potentialAction\":[{\"@type\":\"SearchAction\",\"target\":{\"@type\":\"EntryPoint\",\"urlTemplate\":\"https:\\\/\\\/www.pascal-caillens.com\\\/?s={search_term_string}\"},\"query-input\":{\"@type\":\"PropertyValueSpecification\",\"valueRequired\":true,\"valueName\":\"search_term_string\"}}],\"inLanguage\":\"fr-FR\"}]}<\/script>\n<!-- \/ Yoast SEO plugin. -->","yoast_head_json":{"title":"\u00c9mergence lumineuse - Artiste peintre Magog | Art abstrait contemporain Estrie | Pascal Caillens","robots":{"index":"index","follow":"follow","max-snippet":"max-snippet:-1","max-image-preview":"max-image-preview:large","max-video-preview":"max-video-preview:-1"},"canonical":"https:\/\/www.pascal-caillens.com\/fr\/produit\/emergence-lumineuse\/","og_locale":"fr_FR","og_type":"article","og_title":"\u00c9mergence lumineuse - Artiste peintre Magog | Art abstrait contemporain Estrie | Pascal Caillens","og_description":"Dimensions : 24\u201d x 36\u201d Date de cr\u00e9ation : Avril 2026 Technique : Huile sur toile Num\u00e9ro d\u2019archive : PC-2026-030 Statut : \u0152uvre originale unique","og_url":"https:\/\/www.pascal-caillens.com\/fr\/produit\/emergence-lumineuse\/","og_site_name":"Artiste peintre Magog | Art abstrait contemporain Estrie | Pascal Caillens","article_modified_time":"2026-04-21T23:38:36+00:00","og_image":[{"width":1717,"height":2560,"url":"https:\/\/www.pascal-caillens.com\/wp-content\/uploads\/2026\/04\/new-21avril-03-scaled.jpg","type":"image\/jpeg"}],"twitter_card":"summary_large_image","twitter_misc":{"Dur\u00e9e de lecture estim\u00e9e":"1 minute"},"schema":{"@context":"https:\/\/schema.org","@graph":[{"@type":"WebPage","@id":"https:\/\/www.pascal-caillens.com\/produit\/emergence-lumineuse\/","url":"https:\/\/www.pascal-caillens.com\/produit\/emergence-lumineuse\/","name":"\u00c9mergence lumineuse - Artiste peintre Magog | Art abstrait contemporain Estrie | Pascal Caillens","isPartOf":{"@id":"https:\/\/www.pascal-caillens.com\/#website"},"primaryImageOfPage":{"@id":"https:\/\/www.pascal-caillens.com\/produit\/emergence-lumineuse\/#primaryimage"},"image":{"@id":"https:\/\/www.pascal-caillens.com\/produit\/emergence-lumineuse\/#primaryimage"},"thumbnailUrl":"https:\/\/www.pascal-caillens.com\/wp-content\/uploads\/2026\/04\/new-21avril-03-scaled.jpg","datePublished":"2026-04-21T23:22:05+00:00","dateModified":"2026-04-21T23:38:36+00:00","breadcrumb":{"@id":"https:\/\/www.pascal-caillens.com\/produit\/emergence-lumineuse\/#breadcrumb"},"inLanguage":"fr-FR","potentialAction":[{"@type":"ReadAction","target":["https:\/\/www.pascal-caillens.com\/produit\/emergence-lumineuse\/"]}]},{"@type":"ImageObject","inLanguage":"fr-FR","@id":"https:\/\/www.pascal-caillens.com\/produit\/emergence-lumineuse\/#primaryimage","url":"https:\/\/www.pascal-caillens.com\/wp-content\/uploads\/2026\/04\/new-21avril-03-scaled.jpg","contentUrl":"https:\/\/www.pascal-caillens.com\/wp-content\/uploads\/2026\/04\/new-21avril-03-scaled.jpg","width":1717,"height":2560},{"@type":"BreadcrumbList","@id":"https:\/\/www.pascal-caillens.com\/produit\/emergence-lumineuse\/#breadcrumb","itemListElement":[{"@type":"ListItem","position":1,"name":"Accueil","item":"https:\/\/www.pascal-caillens.com\/"},{"@type":"ListItem","position":2,"name":"Acheter","item":"https:\/\/www.pascal-caillens.com\/acheter\/"},{"@type":"ListItem","position":3,"name":"\u00c9mergence lumineuse"}]},{"@type":"WebSite","@id":"https:\/\/www.pascal-caillens.com\/#website","url":"https:\/\/www.pascal-caillens.com\/","name":"Artiste peintre Magog | Art abstrait contemporain Estrie | Pascal Caillens","description":"Artiste peintre Estrie | Tableaux abstraits modernes \u00e0 Magog | Pascal Caillens","potentialAction":[{"@type":"SearchAction","target":{"@type":"EntryPoint","urlTemplate":"https:\/\/www.pascal-caillens.com\/?s={search_term_string}"},"query-input":{"@type":"PropertyValueSpecification","valueRequired":true,"valueName":"search_term_string"}}],"inLanguage":"fr-FR"}]}},"_links":{"self":[{"href":"https:\/\/www.pascal-caillens.com\/fr\/wp-json\/wp\/v2\/product\/3226","targetHints":{"allow":["GET"]}}],"collection":[{"href":"https:\/\/www.pascal-caillens.com\/fr\/wp-json\/wp\/v2\/product"}],"about":[{"href":"https:\/\/www.pascal-caillens.com\/fr\/wp-json\/wp\/v2\/types\/product"}],"wp:featuredmedia":[{"embeddable":true,"href":"https:\/\/www.pascal-caillens.com\/fr\/wp-json\/wp\/v2\/media\/3224"}],"wp:attachment":[{"href":"https:\/\/www.pascal-caillens.com\/fr\/wp-json\/wp\/v2\/media?parent=3226"}],"wp:term":[{"taxonomy":"product_brand","embeddable":true,"href":"https:\/\/www.pascal-caillens.com\/fr\/wp-json\/wp\/v2\/product_brand?post=3226"},{"taxonomy":"product_cat","embeddable":true,"href":"https:\/\/www.pascal-caillens.com\/fr\/wp-json\/wp\/v2\/product_cat?post=3226"},{"taxonomy":"product_tag","embeddable":true,"href":"https:\/\/www.pascal-caillens.com\/fr\/wp-json\/wp\/v2\/product_tag?post=3226"}],"curies":[{"name":"wp","href":"https:\/\/api.w.org\/{rel}","templated":true}]}}